{"id":1178,"date":"2019-12-29T18:29:17","date_gmt":"2019-12-29T16:29:17","guid":{"rendered":"http:\/\/www.rudikost.de\/?page_id=1178"},"modified":"2024-06-24T11:30:39","modified_gmt":"2024-06-24T09:30:39","slug":"biographie","status":"publish","type":"page","link":"https:\/\/www.rudikost.de\/?page_id=1178","title":{"rendered":"Biographie"},"content":{"rendered":"<p>Geboren 1949 in Stuttgart.<br \/>\n1968 Abitur am Johannes-Kepler-Gymnasium, Bad Cannstatt (auf diese Schule gingen auch Hermann Hesse, Thadd\u00e4us Troll und Manfred W\u00f6rner).<br \/>\n1968-1975 Volont\u00e4r bei der Cannstatter Zeitung, anschlie\u00dfend Redakteur bei der Esslinger Zeitung.<br \/>\n1975-1978 Studium an der PH Esslingen.<br \/>\n1978- 1985 Ressortleiter Feuilleton der Esslinger Zeitung.<br \/>\nSeit 1985 freiberuflich t\u00e4tig als\u00a0 Herausgeber, Autor und Journalist. Arbeitete u.a. f\u00fcr S\u00fcddeutscher Rundfunk, Schweizer Rundfunk, Saarl\u00e4ndischer Rundfunk, Playboy, Capital, Rheinischer Merkur, dpa, Darmst\u00e4dter Echo, Passauer Neue Presse, FAZ, Deutsche B\u00fchne, Esslinger Zeitung, Stuttgarter Zeitung.<br \/>\nMitarbeit beim Rundfunk: Features, Schulfunkserien, Rezensionen und, zusammen mit Peter Kreglinger, Moderator der Kult-Sendung \u201eThema Film\u201c beim damaligen SDR.<br \/>\nTheater-, Film-, Literaturkritiker.<br \/>\nSpezialgebiet: der Kriminalroman \u2013 Rezensionen, Aufs\u00e4tze, Essays, Nachworte, Biographien.<br \/>\nAutor von ca. 50 PC-Anwendungsb\u00fccher, darunter die Bestseller \u201eWord-Kompendium\u201c (Markt&amp;Technik, bis Version 2000).<br \/>\nMit-Herausgeber und Mit-Autor der ersten visuellen Computerbuchreihe \u201eSo geht\u2019s! \u2013 L\u00f6sungen f\u00fcr Anwender\u201c (60 Titel).<br \/>\nMitbegr\u00fcnder und Leiter des Koval Verlages (Reisef\u00fchrer \u2013 darunter der Mond-Reisef\u00fchrer \u201eReisen zum Mond\u201c von Tiki K\u00fcstenmacher \u2013 und Sprachf\u00fchrer).<br \/>\nAutor mehrerer Reisef\u00fchrer (u.a. Las Vegas, New York, Schw\u00e4bisch Hall).<br \/>\nVerheiratet, 51 Jahre lang, bis zum Tod seiner Frau 2023, vier erwachsene Kinder, eine Enkelin, zwei Enkel.<br \/>\nLebt in einem kleinen Dorf bei Schw\u00e4bisch Hall (und im Winter gelegentlich auf Lanzarote).<\/p>\n<p><a href=\"http:\/\/www.rudikost.de\/?page_id=12\">&#8230; und das hat er ver\u00f6ffentlicht<\/a><\/p>\n<p>&nbsp;<\/p>\n<p><em><a href=\"http:\/\/www.rudikost.de\/wp-content\/uploads\/2013\/05\/Rudi-Kost_10x15_72-dpi.jpg\"><img loading=\"lazy\" decoding=\"async\" class=\"alignleft size-medium wp-image-42\" src=\"http:\/\/www.rudikost.de\/wp-content\/uploads\/2013\/05\/Rudi-Kost_10x15_72-dpi-199x300.jpg\" alt=\"Rudi Kost_10x15_72 dpi\" width=\"199\" height=\"300\" srcset=\"https:\/\/www.rudikost.de\/wp-content\/uploads\/2013\/05\/Rudi-Kost_10x15_72-dpi-199x300.jpg 199w, https:\/\/www.rudikost.de\/wp-content\/uploads\/2013\/05\/Rudi-Kost_10x15_72-dpi.jpg 283w\" sizes=\"(max-width: 199px) 100vw, 199px\" \/><\/a><\/em><\/p>\n<p>Das Autorenfoto (300 dpi) kann <a href=\"http:\/\/www.rudikost.de\/_download\/Rudi_Kost_10x15_300_dpi.jpg\" target=\"_blank\" rel=\"noopener noreferrer\">hier <\/a>heruntergeladen werden.<\/p>\n","protected":false},"excerpt":{"rendered":"<p>Geboren 1949 in Stuttgart. 1968 Abitur am Johannes-Kepler-Gymnasium, Bad Cannstatt (auf diese Schule gingen auch Hermann Hesse, Thadd\u00e4us Troll und Manfred W\u00f6rner). 1968-1975 Volont\u00e4r bei der Cannstatter Zeitung, anschlie\u00dfend Redakteur bei der Esslinger Zeitung. 1975-1978 Studium an der PH Esslingen. 1978- 1985 Ressortleiter Feuilleton der Esslinger Zeitung. Seit 1985 freiberuflich t\u00e4tig als\u00a0 Herausgeber, Autor und &hellip; <a href=\"https:\/\/www.rudikost.de\/?page_id=1178\" class=\"more-link\"><span class=\"screen-reader-text\">Biographie<\/span> weiterlesen <span class=\"meta-nav\">&rarr;<\/span><\/a><\/p>\n","protected":false},"author":1,"featured_media":0,"parent":0,"menu_order":0,"comment_status":"closed","ping_status":"closed","template":"","meta":{"footnotes":""},"class_list":["post-1178","page","type-page","status-publish","hentry"],"_links":{"self":[{"href":"https:\/\/www.rudikost.de\/index.php?rest_route=\/wp\/v2\/pages\/1178"}],"collection":[{"href":"https:\/\/www.rudikost.de\/index.php?rest_route=\/wp\/v2\/pages"}],"about":[{"href":"https:\/\/www.rudikost.de\/index.php?rest_route=\/wp\/v2\/types\/page"}],"author":[{"embeddable":true,"href":"https:\/\/www.rudikost.de\/index.php?rest_route=\/wp\/v2\/users\/1"}],"replies":[{"embeddable":true,"href":"https:\/\/www.rudikost.de\/index.php?rest_route=%2Fwp%2Fv2%2Fcomments&post=1178"}],"version-history":[{"count":2,"href":"https:\/\/www.rudikost.de\/index.php?rest_route=\/wp\/v2\/pages\/1178\/revisions"}],"predecessor-version":[{"id":1312,"href":"https:\/\/www.rudikost.de\/index.php?rest_route=\/wp\/v2\/pages\/1178\/revisions\/1312"}],"wp:attachment":[{"href":"https:\/\/www.rudikost.de\/index.php?rest_route=%2Fwp%2Fv2%2Fmedia&parent=1178"}],"curies":[{"name":"wp","href":"https:\/\/api.w.org\/{rel}","templated":true}]}}